{"id":6125,"date":"2026-05-26T12:41:16","date_gmt":"2026-05-26T10:41:16","guid":{"rendered":"https:\/\/www.cinderellaphotographie.fr\/qui-suis-je\/"},"modified":"2026-09-02T08:19:39","modified_gmt":"2026-09-02T06:19:39","slug":"qui-suis-je","status":"publish","type":"page","link":"https:\/\/www.cinderellaphotographie.fr\/fr\/qui-suis-je\/","title":{"rendered":"Qui suis-je"},"content":{"rendered":"\t\t<div data-elementor-type=\"wp-page\" data-elementor-id=\"6125\" class=\"elementor elementor-6125 elementor-3900\" data-elementor-post-type=\"page\">\n\t\t\t\t<div class=\"elementor-element elementor-element-ba9aab9 e-con e-atomic-element e-flexbox-base e-ba9aab9-36ae676 \" data-id=\"ba9aab9\" data-element_type=\"e-flexbox\" data-e-type=\"e-flexbox\" data-interaction-id=\"ba9aab9\" data-e-type=\"e-flexbox\" data-id=\"ba9aab9\">\n    <div class=\"elementor-element elementor-element-c742d8f e-con e-atomic-element e-flexbox-base e-c742d8f-02302e7 \" data-id=\"c742d8f\" data-element_type=\"e-flexbox\" data-e-type=\"e-flexbox\" data-interaction-id=\"c742d8f\" data-e-type=\"e-flexbox\" data-id=\"c742d8f\">\n    \t\t<div class=\"elementor-element elementor-element-f2f4d4e elementor-widget elementor-widget-heading\" data-id=\"f2f4d4e\" data-element_type=\"widget\" data-e-type=\"widget\" data-widget_type=\"heading.default\">\n\t\t\t\t\t<h2 class=\"elementor-heading-title elementor-size-default\">Qui suis-je ?<\/h2>\t\t\t\t<\/div>\n\t\t\t\t<div class=\"elementor-element elementor-element-1c2204e elementor-widget-tablet__width-initial elementor-widget elementor-widget-text-editor\" data-id=\"1c2204e\" data-element_type=\"widget\" data-e-type=\"widget\" data-widget_type=\"text-editor.default\">\n\t\t\t\t\t\t\t\t\t<p class=\"font-claude-response-body break-words whitespace-normal leading-[1.7]\"><span dir=\"auto\">Bonjour, je m\u2019appelle Cinderella, mais vous pouvez m\u2019appeler Cin.<\/span><\/p><p class=\"font-claude-response-body break-words whitespace-normal leading-[1.7]\"><span dir=\"auto\">J\u2019ai 40 ans, je suis originaire des Pays-Bas mais je vis depuis plus de 20 ans avec beaucoup de bonheur dans la magnifique Ard\u00e8che, en plein c\u0153ur du sud de la France. <\/span><\/p><p class=\"font-claude-response-body break-words whitespace-normal leading-[1.7]\"><span dir=\"auto\">Et pour tout vous dire, je ne voudrais \u00eatre nulle part ailleurs, je profite pleinement des bon vins, des march\u00e9s, des petits restaurants et de la nature environnante, et je suis parfaitement combl\u00e9e avec mes chats.<\/span><\/p>\t\t\t\t\t\t\t\t<\/div>\n\t\t\n<\/div>\n<div class=\"elementor-element elementor-element-f63a051 e-con e-atomic-element e-flexbox-base e-f63a051-818cc5a \" data-id=\"f63a051\" data-element_type=\"e-flexbox\" data-e-type=\"e-flexbox\" data-interaction-id=\"f63a051\" data-e-type=\"e-flexbox\" data-id=\"f63a051\">\n    \t\t<div class=\"elementor-element elementor-element-279b9b6 elementor-widget-mobile__width-initial elementor-widget elementor-widget-image\" data-id=\"279b9b6\" data-element_type=\"widget\" data-e-type=\"widget\" data-widget_type=\"image.default\">\n\t\t\t\t\t\t\t\t\t\t\t\t\t\t\t<img fetchpriority=\"high\" decoding=\"async\" width=\"2560\" height=\"1708\" src=\"https:\/\/www.cinderellaphotographie.fr\/wp-content\/uploads\/2026\/07\/cinderella-photographie-bruiloft-zuid-frankrijk-1-van-3-scaled.jpg\" class=\"attachment-full size-full wp-image-6140\" alt=\"\" srcset=\"https:\/\/www.cinderellaphotographie.fr\/wp-content\/uploads\/2026\/07\/cinderella-photographie-bruiloft-zuid-frankrijk-1-van-3-scaled.jpg 2560w, https:\/\/www.cinderellaphotographie.fr\/wp-content\/uploads\/2026\/07\/cinderella-photographie-bruiloft-zuid-frankrijk-1-van-3-300x200.jpg 300w, https:\/\/www.cinderellaphotographie.fr\/wp-content\/uploads\/2026\/07\/cinderella-photographie-bruiloft-zuid-frankrijk-1-van-3-1024x683.jpg 1024w, https:\/\/www.cinderellaphotographie.fr\/wp-content\/uploads\/2026\/07\/cinderella-photographie-bruiloft-zuid-frankrijk-1-van-3-768x512.jpg 768w, https:\/\/www.cinderellaphotographie.fr\/wp-content\/uploads\/2026\/07\/cinderella-photographie-bruiloft-zuid-frankrijk-1-van-3-1536x1025.jpg 1536w, https:\/\/www.cinderellaphotographie.fr\/wp-content\/uploads\/2026\/07\/cinderella-photographie-bruiloft-zuid-frankrijk-1-van-3-2048x1366.jpg 2048w\" sizes=\"(max-width: 2560px) 100vw, 2560px\" \/>\t\t\t\t\t\t\t\t\t\t\t\t\t\t\t<\/div>\n\t\t\n<\/div>\n\n<\/div>\n<div class=\"elementor-element elementor-element-60b94e5 e-con e-atomic-element e-flexbox-base e-60b94e5-8d136a9 \" data-id=\"60b94e5\" data-element_type=\"e-flexbox\" data-e-type=\"e-flexbox\" data-interaction-id=\"60b94e5\" data-e-type=\"e-flexbox\" data-id=\"60b94e5\">\n    <div class=\"elementor-element elementor-element-84cc7db e-con e-atomic-element e-flexbox-base e-84cc7db-ecdaf70 \" data-id=\"84cc7db\" data-element_type=\"e-flexbox\" data-e-type=\"e-flexbox\" data-interaction-id=\"84cc7db\" data-e-type=\"e-flexbox\" data-id=\"84cc7db\">\n    \t\t<div class=\"elementor-element elementor-element-778ec32 elementor-widget__width-initial elementor-widget elementor-widget-image\" data-id=\"778ec32\" data-element_type=\"widget\" data-e-type=\"widget\" data-widget_type=\"image.default\">\n\t\t\t\t\t\t\t\t\t\t\t\t\t\t\t<img decoding=\"async\" width=\"1365\" height=\"2048\" src=\"https:\/\/www.cinderellaphotographie.fr\/wp-content\/uploads\/2026\/07\/cinderella-van-der-wiel-1.jpg\" class=\"attachment-full size-full wp-image-6127\" alt=\"\" srcset=\"https:\/\/www.cinderellaphotographie.fr\/wp-content\/uploads\/2026\/07\/cinderella-van-der-wiel-1.jpg 1365w, https:\/\/www.cinderellaphotographie.fr\/wp-content\/uploads\/2026\/07\/cinderella-van-der-wiel-1-200x300.jpg 200w, https:\/\/www.cinderellaphotographie.fr\/wp-content\/uploads\/2026\/07\/cinderella-van-der-wiel-1-683x1024.jpg 683w, https:\/\/www.cinderellaphotographie.fr\/wp-content\/uploads\/2026\/07\/cinderella-van-der-wiel-1-768x1152.jpg 768w, https:\/\/www.cinderellaphotographie.fr\/wp-content\/uploads\/2026\/07\/cinderella-van-der-wiel-1-1024x1536.jpg 1024w\" sizes=\"(max-width: 1365px) 100vw, 1365px\" \/>\t\t\t\t\t\t\t\t\t\t\t\t\t\t\t<\/div>\n\t\t\n<\/div>\n<div class=\"elementor-element elementor-element-ccb0127 e-con e-atomic-element e-flexbox-base e-ccb0127-2c734b8 \" data-id=\"ccb0127\" data-element_type=\"e-flexbox\" data-e-type=\"e-flexbox\" data-interaction-id=\"ccb0127\" data-e-type=\"e-flexbox\" data-id=\"ccb0127\">\n    \t\t<div class=\"elementor-element elementor-element-a84c242 elementor-widget__width-initial elementor-widget-tablet__width-initial elementor-widget elementor-widget-heading\" data-id=\"a84c242\" data-element_type=\"widget\" data-e-type=\"widget\" data-widget_type=\"heading.default\">\n\t\t\t\t\t<h2 class=\"elementor-heading-title elementor-size-default\">\u00c0 propos de mon travail et de ma passion...<\/h2>\t\t\t\t<\/div>\n\t\t\t\t<div class=\"elementor-element elementor-element-41f6fe4 elementor-widget__width-initial elementor-widget-tablet__width-initial elementor-widget elementor-widget-text-editor\" data-id=\"41f6fe4\" data-element_type=\"widget\" data-e-type=\"widget\" data-widget_type=\"text-editor.default\">\n\t\t\t\t\t\t\t\t\t<div class=\"[content-visibility:auto] [contain-intrinsic-size:auto_400px] pb-8 -mb-8 print:[content-visibility:visible]\"><div data-test-render-count=\"2\"><div class=\"mb-1 mt-6 group\"><div class=\"flex flex-col items-end gap-1\"><div class=\"group relative inline-flex gap-2 bg-bg-300 rounded-xl pl-2.5 py-2.5 break-words text-text-100 transition-all max-w-[75ch] flex-col !px-4 max-w-[85%]\" data-user-message-bubble=\"true\"><div class=\"flex flex-row gap-2 relative\"><div class=\"flex-1\"><div class=\"font-large !font-user-message py-0.5 grid grid-cols-1 gap-2 relative [&amp;_ul]:!space-y-0 [&amp;_ol]:!space-y-0 [&amp;_ul]:pl-8 [&amp;_ol]:pl-8\" data-testid=\"user-message\"><p class=\"font-claude-response-body break-words whitespace-normal leading-[1.7]\"><span dir=\"auto\"> J<\/span><span dir=\"auto\">\u2019investis mon \u00e9nergie, ma cr\u00e9ativit\u00e9 et ma passion pour sublimer chaque instant pr\u00e9cieux et vos plus beaux souvenirs dans vos photos.<\/span><\/p><p><span dir=\"auto\">Qu\u2019il s\u2019agisse d\u2019un mariage, d\u2019une s\u00e9ance lifestyle en famille ou de photographie immobili\u00e8re pour votre bien, je m\u2019investis toujours pleinement pour obtenir le meilleur r\u00e9sultat.<\/span><\/p><p><span dir=\"auto\">Je me d\u00e9place dans toute la France ainsi que dans toute l\u2019Europe, je vous accompagne avec plaisir. <\/span><\/p><p><span dir=\"auto\">Si vous souhaitez immortaliser un moment particulier, celui-ci m\u00e9rite un photographe r\u00e9ellement pr\u00e9sent et capable de ressentir l\u2019instant.<\/span><\/p><p class=\"font-claude-response-body break-words whitespace-normal leading-[1.7]\">\u00a0<\/p><\/div><\/div><\/div><\/div><\/div><\/div><\/div><\/div>\t\t\t\t\t\t\t\t<\/div>\n\t\t\n<\/div>\n\n<\/div>\n<div class=\"elementor-element elementor-element-37aac27 e-con-full e-flex e-con e-parent\" data-id=\"37aac27\" data-element_type=\"container\" data-e-type=\"container\">\n\t\t\t\t<div class=\"elementor-element elementor-element-eb607f8 elementor-widget__width-initial elementor-widget-tablet__width-initial elementor-widget-mobile__width-initial elementor-widget elementor-widget-heading\" data-id=\"eb607f8\" data-element_type=\"widget\" data-e-type=\"widget\" data-widget_type=\"heading.default\">\n\t\t\t\t\t<h2 class=\"elementor-heading-title elementor-size-default\">Mes petits...<\/h2>\t\t\t\t<\/div>\n\t\t\t\t<div class=\"elementor-element elementor-element-3de3fd5 elementor-widget elementor-widget-gallery\" data-id=\"3de3fd5\" data-element_type=\"widget\" data-e-type=\"widget\" data-settings=\"{&quot;lazyload&quot;:&quot;yes&quot;,&quot;gallery_layout&quot;:&quot;grid&quot;,&quot;columns&quot;:4,&quot;columns_tablet&quot;:2,&quot;gap&quot;:{&quot;unit&quot;:&quot;px&quot;,&quot;size&quot;:10,&quot;sizes&quot;:[]},&quot;gap_tablet&quot;:{&quot;unit&quot;:&quot;px&quot;,&quot;size&quot;:10,&quot;sizes&quot;:[]},&quot;gap_mobile&quot;:{&quot;unit&quot;:&quot;px&quot;,&quot;size&quot;:10,&quot;sizes&quot;:[]},&quot;link_to&quot;:&quot;file&quot;,&quot;aspect_ratio&quot;:&quot;3:2&quot;,&quot;overlay_background&quot;:&quot;yes&quot;,&quot;content_hover_animation&quot;:&quot;fade-in&quot;}\" data-widget_type=\"gallery.default\">\n\t\t\t\t\t\t\t<div class=\"elementor-gallery__container\">\n\t\t\t\t\t\t\t<a class=\"e-gallery-item elementor-gallery-item elementor-animated-content\" href=\"https:\/\/www.cinderellaphotographie.fr\/wp-content\/uploads\/2026\/07\/cinderella-photographiemaine-coons-9.jpg\" data-elementor-open-lightbox=\"no\">\n\t\t\t\t\t<div class=\"e-gallery-image elementor-gallery-item__image\" data-thumbnail=\"https:\/\/www.cinderellaphotographie.fr\/wp-content\/uploads\/2026\/07\/cinderella-photographiemaine-coons-9.jpg\" data-width=\"1700\" data-height=\"1133\" aria-label=\"\" role=\"img\" ><\/div>\n\t\t\t\t\t\t\t\t\t\t\t<div class=\"elementor-gallery-item__overlay\"><\/div>\n\t\t\t\t\t\t\t\t\t\t\t\t\t\t<\/a>\n\t\t\t\t\t\t\t<a class=\"e-gallery-item elementor-gallery-item elementor-animated-content\" href=\"https:\/\/www.cinderellaphotographie.fr\/wp-content\/uploads\/2026\/07\/bebes-4-van-4-scaled.jpg\" data-elementor-open-lightbox=\"no\">\n\t\t\t\t\t<div class=\"e-gallery-image elementor-gallery-item__image\" data-thumbnail=\"https:\/\/www.cinderellaphotographie.fr\/wp-content\/uploads\/2026\/07\/bebes-4-van-4-scaled.jpg\" data-width=\"2560\" data-height=\"1706\" aria-label=\"\" role=\"img\" ><\/div>\n\t\t\t\t\t\t\t\t\t\t\t<div class=\"elementor-gallery-item__overlay\"><\/div>\n\t\t\t\t\t\t\t\t\t\t\t\t\t\t<\/a>\n\t\t\t\t\t\t\t<a class=\"e-gallery-item elementor-gallery-item elementor-animated-content\" href=\"https:\/\/www.cinderellaphotographie.fr\/wp-content\/uploads\/2026\/07\/cin-guillaume-2-van-34.jpg\" data-elementor-open-lightbox=\"no\">\n\t\t\t\t\t<div class=\"e-gallery-image elementor-gallery-item__image\" data-thumbnail=\"https:\/\/www.cinderellaphotographie.fr\/wp-content\/uploads\/2026\/07\/cin-guillaume-2-van-34.jpg\" data-width=\"2400\" data-height=\"1600\" aria-label=\"\" role=\"img\" ><\/div>\n\t\t\t\t\t\t\t\t\t\t\t<div class=\"elementor-gallery-item__overlay\"><\/div>\n\t\t\t\t\t\t\t\t\t\t\t\t\t\t<\/a>\n\t\t\t\t\t\t\t<a class=\"e-gallery-item elementor-gallery-item elementor-animated-content\" href=\"https:\/\/www.cinderellaphotographie.fr\/wp-content\/uploads\/2026\/07\/douce-1-van-2-scaled.jpg\" data-elementor-open-lightbox=\"no\">\n\t\t\t\t\t<div class=\"e-gallery-image elementor-gallery-item__image\" data-thumbnail=\"https:\/\/www.cinderellaphotographie.fr\/wp-content\/uploads\/2026\/07\/douce-1-van-2-scaled.jpg\" data-width=\"2560\" data-height=\"1706\" aria-label=\"\" role=\"img\" ><\/div>\n\t\t\t\t\t\t\t\t\t\t\t<div class=\"elementor-gallery-item__overlay\"><\/div>\n\t\t\t\t\t\t\t\t\t\t\t\t\t\t<\/a>\n\t\t\t\t\t<\/div>\n\t\t\t\t\t<\/div>\n\t\t\t\t<\/div>\n\t\t\t\t<\/div>\n\t\t","protected":false},"excerpt":{"rendered":"<p>Qui suis-je ? Bonjour, je m\u2019appelle Cinderella, mais vous pouvez m\u2019appeler Cin. J\u2019ai 40 ans, je suis originaire des Pays-Bas mais je vis depuis plus de 20 ans avec beaucoup de bonheur dans la magnifique Ard\u00e8che, en plein c\u0153ur du sud de la France. Et pour tout vous dire, je ne voudrais \u00eatre nulle part [&hellip;]<\/p>\n","protected":false},"author":1,"featured_media":6126,"parent":0,"menu_order":0,"comment_status":"closed","ping_status":"closed","template":"","meta":{"footnotes":""},"class_list":["post-6125","page","type-page","status-publish","has-post-thumbnail","hentry"],"yoast_head":"<!-- This site is optimized with the Yoast SEO plugin v28.4 - https:\/\/yoast.com\/product\/yoast-seo-wordpress\/ -->\n<title>Photographe Cinderella Ard\u00e8che | \u00c0 propos de Cinderella Photographie<\/title>\n<meta name=\"description\" content=\"Rencontrez Cin : photographe cr\u00e9ative originaire des Pays-Bas, install\u00e9e en France depuis 20 ans. Une photographie empreinte de passion, d\u2019\u00e9nergie et d\u2019\u00e9motions authentiques.\" \/>\n<meta name=\"robots\" content=\"index, follow, max-snippet:-1, max-image-preview:large, max-video-preview:-1\" \/>\n<link rel=\"canonical\" href=\"https:\/\/www.cinderellaphotographie.fr\/fr\/qui-suis-je\/\" \/>\n<meta property=\"og:locale\" content=\"fr_FR\" \/>\n<meta property=\"og:type\" content=\"article\" \/>\n<meta property=\"og:title\" content=\"Photographe Cinderella Ard\u00e8che | \u00c0 propos de Cinderella Photographie\" \/>\n<meta property=\"og:description\" content=\"Rencontrez Cin : photographe cr\u00e9ative originaire des Pays-Bas, install\u00e9e en France depuis 20 ans. Une photographie empreinte de passion, d\u2019\u00e9nergie et d\u2019\u00e9motions authentiques.\" \/>\n<meta property=\"og:url\" content=\"https:\/\/www.cinderellaphotographie.fr\/fr\/qui-suis-je\/\" \/>\n<meta property=\"og:site_name\" content=\"Cinderella Photographie\" \/>\n<meta property=\"article:modified_time\" content=\"2026-09-02T06:19:39+00:00\" \/>\n<meta property=\"og:image\" content=\"https:\/\/www.cinderellaphotographie.fr\/wp-content\/uploads\/2026\/07\/cinderella-van-der-wiel.jpg\" \/>\n\t<meta property=\"og:image:width\" content=\"1365\" \/>\n\t<meta property=\"og:image:height\" content=\"2048\" \/>\n\t<meta property=\"og:image:type\" content=\"image\/jpeg\" \/>\n<meta name=\"twitter:card\" content=\"summary_large_image\" \/>\n<meta name=\"twitter:label1\" content=\"Dur\u00e9e de lecture estim\u00e9e\" \/>\n\t<meta name=\"twitter:data1\" content=\"2 minutes\" \/>\n<script type=\"application\/ld+json\" class=\"yoast-schema-graph\">{\"@context\":\"https:\\\/\\\/schema.org\",\"@graph\":[{\"@type\":\"WebPage\",\"@id\":\"https:\\\/\\\/www.cinderellaphotographie.fr\\\/fr\\\/qui-suis-je\\\/\",\"url\":\"https:\\\/\\\/www.cinderellaphotographie.fr\\\/fr\\\/qui-suis-je\\\/\",\"name\":\"Photographe Cinderella Ard\u00e8che | \u00c0 propos de Cinderella Photographie\",\"isPartOf\":{\"@id\":\"https:\\\/\\\/www.cinderellaphotographie.fr\\\/fr\\\/#website\"},\"primaryImageOfPage\":{\"@id\":\"https:\\\/\\\/www.cinderellaphotographie.fr\\\/fr\\\/qui-suis-je\\\/#primaryimage\"},\"image\":{\"@id\":\"https:\\\/\\\/www.cinderellaphotographie.fr\\\/fr\\\/qui-suis-je\\\/#primaryimage\"},\"thumbnailUrl\":\"https:\\\/\\\/www.cinderellaphotographie.fr\\\/wp-content\\\/uploads\\\/2026\\\/07\\\/cinderella-van-der-wiel.jpg\",\"datePublished\":\"2026-05-26T10:41:16+00:00\",\"dateModified\":\"2026-09-02T06:19:39+00:00\",\"description\":\"Rencontrez Cin : photographe cr\u00e9ative originaire des Pays-Bas, install\u00e9e en France depuis 20 ans. Une photographie empreinte de passion, d\u2019\u00e9nergie et d\u2019\u00e9motions authentiques.\",\"breadcrumb\":{\"@id\":\"https:\\\/\\\/www.cinderellaphotographie.fr\\\/fr\\\/qui-suis-je\\\/#breadcrumb\"},\"inLanguage\":\"fr-FR\",\"potentialAction\":[{\"@type\":\"ReadAction\",\"target\":[\"https:\\\/\\\/www.cinderellaphotographie.fr\\\/fr\\\/qui-suis-je\\\/\"]}]},{\"@type\":\"ImageObject\",\"inLanguage\":\"fr-FR\",\"@id\":\"https:\\\/\\\/www.cinderellaphotographie.fr\\\/fr\\\/qui-suis-je\\\/#primaryimage\",\"url\":\"https:\\\/\\\/www.cinderellaphotographie.fr\\\/wp-content\\\/uploads\\\/2026\\\/07\\\/cinderella-van-der-wiel.jpg\",\"contentUrl\":\"https:\\\/\\\/www.cinderellaphotographie.fr\\\/wp-content\\\/uploads\\\/2026\\\/07\\\/cinderella-van-der-wiel.jpg\",\"width\":1365,\"height\":2048},{\"@type\":\"BreadcrumbList\",\"@id\":\"https:\\\/\\\/www.cinderellaphotographie.fr\\\/fr\\\/qui-suis-je\\\/#breadcrumb\",\"itemListElement\":[{\"@type\":\"ListItem\",\"position\":1,\"name\":\"Home\",\"item\":\"https:\\\/\\\/www.cinderellaphotographie.fr\\\/fr\\\/\"},{\"@type\":\"ListItem\",\"position\":2,\"name\":\"Qui suis-je\"}]},{\"@type\":\"WebSite\",\"@id\":\"https:\\\/\\\/www.cinderellaphotographie.fr\\\/fr\\\/#website\",\"url\":\"https:\\\/\\\/www.cinderellaphotographie.fr\\\/fr\\\/\",\"name\":\"Cinderella Photographie\",\"description\":\"Jouw sprookje verdient de mooiste foto&#039;s\",\"publisher\":{\"@id\":\"https:\\\/\\\/www.cinderellaphotographie.fr\\\/fr\\\/#organization\"},\"potentialAction\":[{\"@type\":\"SearchAction\",\"target\":{\"@type\":\"EntryPoint\",\"urlTemplate\":\"https:\\\/\\\/www.cinderellaphotographie.fr\\\/fr\\\/?s={search_term_string}\"},\"query-input\":{\"@type\":\"PropertyValueSpecification\",\"valueRequired\":true,\"valueName\":\"search_term_string\"}}],\"inLanguage\":\"fr-FR\"},{\"@type\":\"Organization\",\"@id\":\"https:\\\/\\\/www.cinderellaphotographie.fr\\\/fr\\\/#organization\",\"name\":\"Cinderella Photographie\",\"url\":\"https:\\\/\\\/www.cinderellaphotographie.fr\\\/fr\\\/\",\"logo\":{\"@type\":\"ImageObject\",\"inLanguage\":\"fr-FR\",\"@id\":\"https:\\\/\\\/www.cinderellaphotographie.fr\\\/fr\\\/#\\\/schema\\\/logo\\\/image\\\/\",\"url\":\"https:\\\/\\\/www.cinderellaphotographie.fr\\\/wp-content\\\/uploads\\\/2017\\\/06\\\/cropped-Logo-6-Cin-CProse-700-PNG.png\",\"contentUrl\":\"https:\\\/\\\/www.cinderellaphotographie.fr\\\/wp-content\\\/uploads\\\/2017\\\/06\\\/cropped-Logo-6-Cin-CProse-700-PNG.png\",\"width\":700,\"height\":243,\"caption\":\"Cinderella Photographie\"},\"image\":{\"@id\":\"https:\\\/\\\/www.cinderellaphotographie.fr\\\/fr\\\/#\\\/schema\\\/logo\\\/image\\\/\"}}]}<\/script>\n<!-- \/ Yoast SEO plugin. -->","yoast_head_json":{"title":"Photographe Cinderella Ard\u00e8che | \u00c0 propos de Cinderella Photographie","description":"Rencontrez Cin : photographe cr\u00e9ative originaire des Pays-Bas, install\u00e9e en France depuis 20 ans. Une photographie empreinte de passion, d\u2019\u00e9nergie et d\u2019\u00e9motions authentiques.","robots":{"index":"index","follow":"follow","max-snippet":"max-snippet:-1","max-image-preview":"max-image-preview:large","max-video-preview":"max-video-preview:-1"},"canonical":"https:\/\/www.cinderellaphotographie.fr\/fr\/qui-suis-je\/","og_locale":"fr_FR","og_type":"article","og_title":"Photographe Cinderella Ard\u00e8che | \u00c0 propos de Cinderella Photographie","og_description":"Rencontrez Cin : photographe cr\u00e9ative originaire des Pays-Bas, install\u00e9e en France depuis 20 ans. Une photographie empreinte de passion, d\u2019\u00e9nergie et d\u2019\u00e9motions authentiques.","og_url":"https:\/\/www.cinderellaphotographie.fr\/fr\/qui-suis-je\/","og_site_name":"Cinderella Photographie","article_modified_time":"2026-09-02T06:19:39+00:00","og_image":[{"width":1365,"height":2048,"url":"https:\/\/www.cinderellaphotographie.fr\/wp-content\/uploads\/2026\/07\/cinderella-van-der-wiel.jpg","type":"image\/jpeg"}],"twitter_card":"summary_large_image","twitter_misc":{"Dur\u00e9e de lecture estim\u00e9e":"2 minutes"},"schema":{"@context":"https:\/\/schema.org","@graph":[{"@type":"WebPage","@id":"https:\/\/www.cinderellaphotographie.fr\/fr\/qui-suis-je\/","url":"https:\/\/www.cinderellaphotographie.fr\/fr\/qui-suis-je\/","name":"Photographe Cinderella Ard\u00e8che | \u00c0 propos de Cinderella Photographie","isPartOf":{"@id":"https:\/\/www.cinderellaphotographie.fr\/fr\/#website"},"primaryImageOfPage":{"@id":"https:\/\/www.cinderellaphotographie.fr\/fr\/qui-suis-je\/#primaryimage"},"image":{"@id":"https:\/\/www.cinderellaphotographie.fr\/fr\/qui-suis-je\/#primaryimage"},"thumbnailUrl":"https:\/\/www.cinderellaphotographie.fr\/wp-content\/uploads\/2026\/07\/cinderella-van-der-wiel.jpg","datePublished":"2026-05-26T10:41:16+00:00","dateModified":"2026-09-02T06:19:39+00:00","description":"Rencontrez Cin : photographe cr\u00e9ative originaire des Pays-Bas, install\u00e9e en France depuis 20 ans. Une photographie empreinte de passion, d\u2019\u00e9nergie et d\u2019\u00e9motions authentiques.","breadcrumb":{"@id":"https:\/\/www.cinderellaphotographie.fr\/fr\/qui-suis-je\/#breadcrumb"},"inLanguage":"fr-FR","potentialAction":[{"@type":"ReadAction","target":["https:\/\/www.cinderellaphotographie.fr\/fr\/qui-suis-je\/"]}]},{"@type":"ImageObject","inLanguage":"fr-FR","@id":"https:\/\/www.cinderellaphotographie.fr\/fr\/qui-suis-je\/#primaryimage","url":"https:\/\/www.cinderellaphotographie.fr\/wp-content\/uploads\/2026\/07\/cinderella-van-der-wiel.jpg","contentUrl":"https:\/\/www.cinderellaphotographie.fr\/wp-content\/uploads\/2026\/07\/cinderella-van-der-wiel.jpg","width":1365,"height":2048},{"@type":"BreadcrumbList","@id":"https:\/\/www.cinderellaphotographie.fr\/fr\/qui-suis-je\/#breadcrumb","itemListElement":[{"@type":"ListItem","position":1,"name":"Home","item":"https:\/\/www.cinderellaphotographie.fr\/fr\/"},{"@type":"ListItem","position":2,"name":"Qui suis-je"}]},{"@type":"WebSite","@id":"https:\/\/www.cinderellaphotographie.fr\/fr\/#website","url":"https:\/\/www.cinderellaphotographie.fr\/fr\/","name":"Cinderella Photographie","description":"Jouw sprookje verdient de mooiste foto&#039;s","publisher":{"@id":"https:\/\/www.cinderellaphotographie.fr\/fr\/#organization"},"potentialAction":[{"@type":"SearchAction","target":{"@type":"EntryPoint","urlTemplate":"https:\/\/www.cinderellaphotographie.fr\/fr\/?s={search_term_string}"},"query-input":{"@type":"PropertyValueSpecification","valueRequired":true,"valueName":"search_term_string"}}],"inLanguage":"fr-FR"},{"@type":"Organization","@id":"https:\/\/www.cinderellaphotographie.fr\/fr\/#organization","name":"Cinderella Photographie","url":"https:\/\/www.cinderellaphotographie.fr\/fr\/","logo":{"@type":"ImageObject","inLanguage":"fr-FR","@id":"https:\/\/www.cinderellaphotographie.fr\/fr\/#\/schema\/logo\/image\/","url":"https:\/\/www.cinderellaphotographie.fr\/wp-content\/uploads\/2017\/06\/cropped-Logo-6-Cin-CProse-700-PNG.png","contentUrl":"https:\/\/www.cinderellaphotographie.fr\/wp-content\/uploads\/2017\/06\/cropped-Logo-6-Cin-CProse-700-PNG.png","width":700,"height":243,"caption":"Cinderella Photographie"},"image":{"@id":"https:\/\/www.cinderellaphotographie.fr\/fr\/#\/schema\/logo\/image\/"}}]}},"_links":{"self":[{"href":"https:\/\/www.cinderellaphotographie.fr\/fr\/wp-json\/wp\/v2\/pages\/6125","targetHints":{"allow":["GET"]}}],"collection":[{"href":"https:\/\/www.cinderellaphotographie.fr\/fr\/wp-json\/wp\/v2\/pages"}],"about":[{"href":"https:\/\/www.cinderellaphotographie.fr\/fr\/wp-json\/wp\/v2\/types\/page"}],"author":[{"embeddable":true,"href":"https:\/\/www.cinderellaphotographie.fr\/fr\/wp-json\/wp\/v2\/users\/1"}],"replies":[{"embeddable":true,"href":"https:\/\/www.cinderellaphotographie.fr\/fr\/wp-json\/wp\/v2\/comments?post=6125"}],"version-history":[{"count":19,"href":"https:\/\/www.cinderellaphotographie.fr\/fr\/wp-json\/wp\/v2\/pages\/6125\/revisions"}],"predecessor-version":[{"id":6964,"href":"https:\/\/www.cinderellaphotographie.fr\/fr\/wp-json\/wp\/v2\/pages\/6125\/revisions\/6964"}],"wp:featuredmedia":[{"embeddable":true,"href":"https:\/\/www.cinderellaphotographie.fr\/fr\/wp-json\/wp\/v2\/media\/6126"}],"wp:attachment":[{"href":"https:\/\/www.cinderellaphotographie.fr\/fr\/wp-json\/wp\/v2\/media?parent=6125"}],"curies":[{"name":"wp","href":"https:\/\/api.w.org\/{rel}","templated":true}]}}